{"id":8660,"date":"2020-02-05T12:05:53","date_gmt":"2020-02-05T11:05:53","guid":{"rendered":"https:\/\/www.confluences.be\/activiteiten\/ardennes-belges-randonnee-vtt-balade\/"},"modified":"2022-01-28T17:26:28","modified_gmt":"2022-01-28T16:26:28","slug":"de-belgische-ardennen-om-te-wandelen-mountainbiken-motorrijden","status":"publish","type":"page","link":"https:\/\/www.confluences.be\/nl\/activiteiten\/de-belgische-ardennen-om-te-wandelen-mountainbiken-motorrijden\/","title":{"rendered":"De Belgische Ardennen om te wandelen, mountainbiken, motorrijden..."},"content":{"rendered":"<section class=\"ffb-id-3od6krsq fg-section fg-text-dark\"><div class=\"fg-container container fg-container-large fg-container-lvl--1 \"><div class=\"fg-row row    \" ><div class=\"ffb-id-3od6krsr fg-col col-xs-12 col-md-12 fg-text-dark\"><div class=\"ffb-id-3od8k9n3 fg-paragraph ff-richtext text-left    fg-text-dark\"><\/p>\n<h2>Kom en ontdek de schoonheid van onze regio!<\/h2>\n<p>&nbsp;<\/p>\n<p>Op verzoek van een groep, organisatie van activiteiten.<\/p>\n<p>&nbsp;<\/p>\n<p>In de beschermde perimeter van de Walcourt-basiliek en in de onmiddellijke nabijheid van vertrekpunten voor langeafstandswandelingen, wandelingen, paden... Samenvloeiingen kunnen, naast activiteiten voor het ontdekken van een uitzonderlijk architectonisch erfgoed en ongerepte natuurlijke omgevingen (platteland, bossen, water), of je nu een liefhebber bent van wandelen, wandelen, fietsen, mountainbiken of motorrijden.<\/p>\n<ul>\n<li>Bezoek aan de wallen en bezoek aan de Walcourt-basiliek (geklasseerde sites)<\/li>\n<li>Opmerkelijke boerderijen, kasteel Thy-le-Ch&acirc;teau<\/li>\n<li>2 belangrijke GR-circuits (grote wandelingen): de GR12 en GR125<\/li>\n<li>De distilleerderij van Bierc&eacute;e, Ragnies en Lompret behoren tot de mooiste dorpen van Walloni&euml;, de hangende tuinen van Thuin, de ru&iuml;nes van de abdij van Aulnes, de vallei van Molign&eacute;e...<\/li>\n<li>Dinant en de Maasvallei, Givet, Chimay, Virelles en zijn natuurreservaat, de Viroin-vallei, Karting des Fagnes in Mariembourg, de abdij van Maredsous...<\/li>\n<\/ul>\n<p><\/div><section class=\"ffb-id-3od6kv5c ff-portfolio-columns-js theme-portfolio portfolio-classic-1 ff-gallery-based-on-portfolio fg-text-dark\" data-settings=\"{&quot;portfolio-type&quot;:&quot;grid&quot;,&quot;columns-lg&quot;:&quot;4&quot;,&quot;columns-md&quot;:&quot;4&quot;,&quot;columns-sm&quot;:&quot;2&quot;,&quot;columns-xs&quot;:&quot;1&quot;,&quot;vertical-gap&quot;:30,&quot;horizontal-gap&quot;:30,&quot;default-filter&quot;:&quot;*&quot;,&quot;lightbox-counter&quot;:&quot;{{current}} of {{total}}&quot;,&quot;points-to&quot;:&quot;cbp-lightbox&quot;,&quot;portfolio-animation&quot;:&quot;bottomToTop&quot;,&quot;display-type-speed&quot;:&quot;250&quot;,&quot;lightbox-gallery&quot;:true}\"><div class=\"ff-portfolio-grid-wrapper\"><div class=\"ff-portfolio-grid cbp\"><div class=\"cbp-item theme-portfolio-item-v2  fg-text-dark ffb-post-wrapper\"><div class=\"cbp-caption fg-text-dark ffb-featured-image-1\"><div class=\"cbp-caption-defaultWrap theme-portfolio-active-wrap\"><img decoding=\"async\" class=\" img-responsive full-width  img-responsive full-width ff-post-featured-image\"  src=\"https:\/\/www.confluences.be\/wp-content\/uploads\/freshizer\/800bd966d35aaebb43f0bb025157309a_cueillette-pommes-2-copie-768-576-c-90.jpg\"  alt=\"cueillette-pommes-2-copie\"><div class=\"theme-icons-wrap theme-portfolio-lightbox\"><a href=\"https:\/\/www.confluences.be\/wp-content\/uploads\/2020\/02\/cueillette-pommes-2-copie.jpg\" class=\"cbp-lightbox\" data-title=\"Gallery\"><i class=\"ff-lightbox-icon theme-icons theme-icons-white-bg theme-icons-md radius-3 ff-font-simple-line-icons icon-size-fullscreen\"><\/i><\/a><\/div><\/div><\/div><\/div><div class=\"cbp-item theme-portfolio-item-v2  fg-text-dark ffb-post-wrapper\"><div class=\"cbp-caption fg-text-dark ffb-featured-image-1\"><div class=\"cbp-caption-defaultWrap theme-portfolio-active-wrap\"><img decoding=\"async\" class=\" img-responsive full-width  img-responsive full-width ff-post-featured-image\"  src=\"https:\/\/www.confluences.be\/wp-content\/uploads\/freshizer\/f45a725376c7d98546497a6a863aad14_environs-1-768-576-c-90.jpg\"  alt=\"environs-1\"><div class=\"theme-icons-wrap theme-portfolio-lightbox\"><a href=\"https:\/\/www.confluences.be\/wp-content\/uploads\/2020\/02\/environs-1.jpg\" class=\"cbp-lightbox\" data-title=\"Gallery\"><i class=\"ff-lightbox-icon theme-icons theme-icons-white-bg theme-icons-md radius-3 ff-font-simple-line-icons icon-size-fullscreen\"><\/i><\/a><\/div><\/div><\/div><\/div><div class=\"cbp-item theme-portfolio-item-v2  fg-text-dark ffb-post-wrapper\"><div class=\"cbp-caption fg-text-dark ffb-featured-image-1\"><div class=\"cbp-caption-defaultWrap theme-portfolio-active-wrap\"><img decoding=\"async\" class=\" img-responsive full-width  img-responsive full-width ff-post-featured-image\"  src=\"https:\/\/www.confluences.be\/wp-content\/uploads\/freshizer\/1107ae304cfe4212b275707f82ad1221_environs-8-copie-768-576-c-90.jpg\"  alt=\"environs-8-copie\"><div class=\"theme-icons-wrap theme-portfolio-lightbox\"><a href=\"https:\/\/www.confluences.be\/wp-content\/uploads\/2020\/02\/environs-8-copie.jpg\" class=\"cbp-lightbox\" data-title=\"Gallery\"><i class=\"ff-lightbox-icon theme-icons theme-icons-white-bg theme-icons-md radius-3 ff-font-simple-line-icons icon-size-fullscreen\"><\/i><\/a><\/div><\/div><\/div><\/div><div class=\"cbp-item theme-portfolio-item-v2  fg-text-dark ffb-post-wrapper\"><div class=\"cbp-caption fg-text-dark ffb-featured-image-1\"><div class=\"cbp-caption-defaultWrap theme-portfolio-active-wrap\"><img decoding=\"async\" class=\" img-responsive full-width  img-responsive full-width ff-post-featured-image\"  src=\"https:\/\/www.confluences.be\/wp-content\/uploads\/freshizer\/cbba73c09166b883cb2e7018c45b1a17_walcourt-3-768-576-c-90.jpg\"  alt=\"walcourt-3\"><div class=\"theme-icons-wrap theme-portfolio-lightbox\"><a href=\"https:\/\/www.confluences.be\/wp-content\/uploads\/2020\/02\/walcourt-3.jpg\" class=\"cbp-lightbox\" data-title=\"Gallery\"><i class=\"ff-lightbox-icon theme-icons theme-icons-white-bg theme-icons-md radius-3 ff-font-simple-line-icons icon-size-fullscreen\"><\/i><\/a><\/div><\/div><\/div><\/div><\/div><\/div><\/section><\/div><\/div><\/div><\/section><style>.ffb-id-3od6kv5c .ff-lightbox-icon{ background-color: #ffffff !important;}.ffb-id-3od6kv5c .ff-lightbox-icon:hover{ background-color: #00bcd4 !important;}.ffb-id-3od6kv5c .cbp-item .cbp-item-wrapper{ background-color: #ffffff;}.ffb-id-3od6kv5c .cbp-item .cbp-item-wrapper{ box-shadow: 0 2px 5px 3px #eff1f8;}.ffb-id-3od6kv5c .cbp-item:hover .theme-portfolio-active-wrap:before{ background-color: #ffffff;}.ffb-id-3od8k9n3{ font-family: 'Lora', Arial, sans-serif !important;}.ffb-id-3od8k9n3:before,.ffb-id-3od8k9n3:after,.ffb-id-3od8k9n3:hover,.ffb-id-3od8k9n3:focus,.ffb-id-3od8k9n3 *,.ffb-id-3od8k9n3 *:before,.ffb-id-3od8k9n3 *:after,.ffb-id-3od8k9n3 *:hover,.ffb-id-3od8k9n3 *:focus{ font-family: 'Lora', Arial, sans-serif !important;}<\/style><script type=\"text\/javascript\"><\/script>\n","protected":false},"excerpt":{"rendered":"","protected":false},"author":1,"featured_media":7214,"parent":8196,"menu_order":0,"comment_status":"closed","ping_status":"closed","template":"","meta":{"_acf_changed":false,"footnotes":""},"class_list":["post-8660","page","type-page","status-publish","has-post-thumbnail","hentry","post-wrapper"],"acf":[],"yoast_head":"<!-- This site is optimized with the Yoast SEO plugin v27.5 - https:\/\/yoast.com\/product\/yoast-seo-wordpress\/ -->\n<title>De Belgische Ardennen om te wandelen, mountainbiken, motorrijden... - Confluences<\/title>\n<meta name=\"description\" content=\"Ardennes belges, randonn\u00e9es, VTT, balades moto... : venez d\u00e9couvrir la nature et le patrimoine architectural de notre r\u00e9gion.\" \/>\n<meta name=\"robots\" content=\"index, follow, max-snippet:-1, max-image-preview:large, max-video-preview:-1\" \/>\n<link rel=\"canonical\" href=\"https:\/\/www.confluences.be\/nl\/activiteiten\/de-belgische-ardennen-om-te-wandelen-mountainbiken-motorrijden\/\" \/>\n<meta property=\"og:locale\" content=\"nl_NL\" \/>\n<meta property=\"og:type\" content=\"article\" \/>\n<meta property=\"og:title\" content=\"De Belgische Ardennen om te wandelen, mountainbiken, motorrijden... - Confluences\" \/>\n<meta property=\"og:description\" content=\"Ardennes belges, randonn\u00e9es, VTT, balades moto... : venez d\u00e9couvrir la nature et le patrimoine architectural de notre r\u00e9gion.\" \/>\n<meta property=\"og:url\" content=\"https:\/\/www.confluences.be\/nl\/activiteiten\/de-belgische-ardennen-om-te-wandelen-mountainbiken-motorrijden\/\" \/>\n<meta property=\"og:site_name\" content=\"Confluences\" \/>\n<meta property=\"article:modified_time\" content=\"2022-01-28T16:26:28+00:00\" \/>\n<meta property=\"og:image\" content=\"https:\/\/www.confluences.be\/wp-content\/uploads\/2013\/10\/Walcourt5a.jpg\" \/>\n\t<meta property=\"og:image:width\" content=\"960\" \/>\n\t<meta property=\"og:image:height\" content=\"432\" \/>\n\t<meta property=\"og:image:type\" content=\"image\/jpeg\" \/>\n<meta name=\"twitter:card\" content=\"summary_large_image\" \/>\n<meta name=\"twitter:label1\" content=\"Geschatte leestijd\" \/>\n\t<meta name=\"twitter:data1\" content=\"4 minuten\" \/>\n<script type=\"application\/ld+json\" class=\"yoast-schema-graph\">{\"@context\":\"https:\\\/\\\/schema.org\",\"@graph\":[{\"@type\":\"WebPage\",\"@id\":\"https:\\\/\\\/www.confluences.be\\\/nl\\\/activiteiten\\\/de-belgische-ardennen-om-te-wandelen-mountainbiken-motorrijden\\\/\",\"url\":\"https:\\\/\\\/www.confluences.be\\\/nl\\\/activiteiten\\\/de-belgische-ardennen-om-te-wandelen-mountainbiken-motorrijden\\\/\",\"name\":\"De Belgische Ardennen om te wandelen, mountainbiken, motorrijden... - Confluences\",\"isPartOf\":{\"@id\":\"https:\\\/\\\/www.confluences.be\\\/#website\"},\"primaryImageOfPage\":{\"@id\":\"https:\\\/\\\/www.confluences.be\\\/nl\\\/activiteiten\\\/de-belgische-ardennen-om-te-wandelen-mountainbiken-motorrijden\\\/#primaryimage\"},\"image\":{\"@id\":\"https:\\\/\\\/www.confluences.be\\\/nl\\\/activiteiten\\\/de-belgische-ardennen-om-te-wandelen-mountainbiken-motorrijden\\\/#primaryimage\"},\"thumbnailUrl\":\"https:\\\/\\\/www.confluences.be\\\/wp-content\\\/uploads\\\/2013\\\/10\\\/Walcourt5a.jpg\",\"datePublished\":\"2020-02-05T11:05:53+00:00\",\"dateModified\":\"2022-01-28T16:26:28+00:00\",\"description\":\"Ardennes belges, randonn\u00e9es, VTT, balades moto... : venez d\u00e9couvrir la nature et le patrimoine architectural de notre r\u00e9gion.\",\"breadcrumb\":{\"@id\":\"https:\\\/\\\/www.confluences.be\\\/nl\\\/activiteiten\\\/de-belgische-ardennen-om-te-wandelen-mountainbiken-motorrijden\\\/#breadcrumb\"},\"inLanguage\":\"nl-NL\",\"potentialAction\":[{\"@type\":\"ReadAction\",\"target\":[\"https:\\\/\\\/www.confluences.be\\\/nl\\\/activiteiten\\\/de-belgische-ardennen-om-te-wandelen-mountainbiken-motorrijden\\\/\"]}]},{\"@type\":\"ImageObject\",\"inLanguage\":\"nl-NL\",\"@id\":\"https:\\\/\\\/www.confluences.be\\\/nl\\\/activiteiten\\\/de-belgische-ardennen-om-te-wandelen-mountainbiken-motorrijden\\\/#primaryimage\",\"url\":\"https:\\\/\\\/www.confluences.be\\\/wp-content\\\/uploads\\\/2013\\\/10\\\/Walcourt5a.jpg\",\"contentUrl\":\"https:\\\/\\\/www.confluences.be\\\/wp-content\\\/uploads\\\/2013\\\/10\\\/Walcourt5a.jpg\",\"width\":960,\"height\":432,\"caption\":\"\"},{\"@type\":\"BreadcrumbList\",\"@id\":\"https:\\\/\\\/www.confluences.be\\\/nl\\\/activiteiten\\\/de-belgische-ardennen-om-te-wandelen-mountainbiken-motorrijden\\\/#breadcrumb\",\"itemListElement\":[{\"@type\":\"ListItem\",\"position\":1,\"name\":\"Accueil\",\"item\":\"https:\\\/\\\/www.confluences.be\\\/nl\\\/\"},{\"@type\":\"ListItem\",\"position\":2,\"name\":\"Activiteiten in de omgeving van onze gastenkamers\",\"item\":\"https:\\\/\\\/www.confluences.be\\\/nl\\\/activiteiten\\\/\"},{\"@type\":\"ListItem\",\"position\":3,\"name\":\"De Belgische Ardennen om te wandelen, mountainbiken, motorrijden...\"}]},{\"@type\":\"WebSite\",\"@id\":\"https:\\\/\\\/www.confluences.be\\\/#website\",\"url\":\"https:\\\/\\\/www.confluences.be\\\/\",\"name\":\"Confluences\",\"description\":\"Gastenkamers in de Belgische Ardennen\",\"publisher\":{\"@id\":\"https:\\\/\\\/www.confluences.be\\\/#organization\"},\"potentialAction\":[{\"@type\":\"SearchAction\",\"target\":{\"@type\":\"EntryPoint\",\"urlTemplate\":\"https:\\\/\\\/www.confluences.be\\\/?s={search_term_string}\"},\"query-input\":{\"@type\":\"PropertyValueSpecification\",\"valueRequired\":true,\"valueName\":\"search_term_string\"}}],\"inLanguage\":\"nl-NL\"},{\"@type\":\"Organization\",\"@id\":\"https:\\\/\\\/www.confluences.be\\\/#organization\",\"name\":\"Confluences\",\"url\":\"https:\\\/\\\/www.confluences.be\\\/\",\"logo\":{\"@type\":\"ImageObject\",\"inLanguage\":\"nl-NL\",\"@id\":\"https:\\\/\\\/www.confluences.be\\\/#\\\/schema\\\/logo\\\/image\\\/\",\"url\":\"\",\"contentUrl\":\"\",\"caption\":\"Confluences\"},\"image\":{\"@id\":\"https:\\\/\\\/www.confluences.be\\\/#\\\/schema\\\/logo\\\/image\\\/\"}}]}<\/script>\n<!-- \/ Yoast SEO plugin. -->","yoast_head_json":{"title":"De Belgische Ardennen om te wandelen, mountainbiken, motorrijden... - Confluences","description":"Ardennes belges, randonn\u00e9es, VTT, balades moto... : venez d\u00e9couvrir la nature et le patrimoine architectural de notre r\u00e9gion.","robots":{"index":"index","follow":"follow","max-snippet":"max-snippet:-1","max-image-preview":"max-image-preview:large","max-video-preview":"max-video-preview:-1"},"canonical":"https:\/\/www.confluences.be\/nl\/activiteiten\/de-belgische-ardennen-om-te-wandelen-mountainbiken-motorrijden\/","og_locale":"nl_NL","og_type":"article","og_title":"De Belgische Ardennen om te wandelen, mountainbiken, motorrijden... - Confluences","og_description":"Ardennes belges, randonn\u00e9es, VTT, balades moto... : venez d\u00e9couvrir la nature et le patrimoine architectural de notre r\u00e9gion.","og_url":"https:\/\/www.confluences.be\/nl\/activiteiten\/de-belgische-ardennen-om-te-wandelen-mountainbiken-motorrijden\/","og_site_name":"Confluences","article_modified_time":"2022-01-28T16:26:28+00:00","og_image":[{"width":960,"height":432,"url":"https:\/\/www.confluences.be\/wp-content\/uploads\/2013\/10\/Walcourt5a.jpg","type":"image\/jpeg"}],"twitter_card":"summary_large_image","twitter_misc":{"Geschatte leestijd":"4 minuten"},"schema":{"@context":"https:\/\/schema.org","@graph":[{"@type":"WebPage","@id":"https:\/\/www.confluences.be\/nl\/activiteiten\/de-belgische-ardennen-om-te-wandelen-mountainbiken-motorrijden\/","url":"https:\/\/www.confluences.be\/nl\/activiteiten\/de-belgische-ardennen-om-te-wandelen-mountainbiken-motorrijden\/","name":"De Belgische Ardennen om te wandelen, mountainbiken, motorrijden... - Confluences","isPartOf":{"@id":"https:\/\/www.confluences.be\/#website"},"primaryImageOfPage":{"@id":"https:\/\/www.confluences.be\/nl\/activiteiten\/de-belgische-ardennen-om-te-wandelen-mountainbiken-motorrijden\/#primaryimage"},"image":{"@id":"https:\/\/www.confluences.be\/nl\/activiteiten\/de-belgische-ardennen-om-te-wandelen-mountainbiken-motorrijden\/#primaryimage"},"thumbnailUrl":"https:\/\/www.confluences.be\/wp-content\/uploads\/2013\/10\/Walcourt5a.jpg","datePublished":"2020-02-05T11:05:53+00:00","dateModified":"2022-01-28T16:26:28+00:00","description":"Ardennes belges, randonn\u00e9es, VTT, balades moto... : venez d\u00e9couvrir la nature et le patrimoine architectural de notre r\u00e9gion.","breadcrumb":{"@id":"https:\/\/www.confluences.be\/nl\/activiteiten\/de-belgische-ardennen-om-te-wandelen-mountainbiken-motorrijden\/#breadcrumb"},"inLanguage":"nl-NL","potentialAction":[{"@type":"ReadAction","target":["https:\/\/www.confluences.be\/nl\/activiteiten\/de-belgische-ardennen-om-te-wandelen-mountainbiken-motorrijden\/"]}]},{"@type":"ImageObject","inLanguage":"nl-NL","@id":"https:\/\/www.confluences.be\/nl\/activiteiten\/de-belgische-ardennen-om-te-wandelen-mountainbiken-motorrijden\/#primaryimage","url":"https:\/\/www.confluences.be\/wp-content\/uploads\/2013\/10\/Walcourt5a.jpg","contentUrl":"https:\/\/www.confluences.be\/wp-content\/uploads\/2013\/10\/Walcourt5a.jpg","width":960,"height":432,"caption":""},{"@type":"BreadcrumbList","@id":"https:\/\/www.confluences.be\/nl\/activiteiten\/de-belgische-ardennen-om-te-wandelen-mountainbiken-motorrijden\/#breadcrumb","itemListElement":[{"@type":"ListItem","position":1,"name":"Accueil","item":"https:\/\/www.confluences.be\/nl\/"},{"@type":"ListItem","position":2,"name":"Activiteiten in de omgeving van onze gastenkamers","item":"https:\/\/www.confluences.be\/nl\/activiteiten\/"},{"@type":"ListItem","position":3,"name":"De Belgische Ardennen om te wandelen, mountainbiken, motorrijden..."}]},{"@type":"WebSite","@id":"https:\/\/www.confluences.be\/#website","url":"https:\/\/www.confluences.be\/","name":"Confluences","description":"Gastenkamers in de Belgische Ardennen","publisher":{"@id":"https:\/\/www.confluences.be\/#organization"},"potentialAction":[{"@type":"SearchAction","target":{"@type":"EntryPoint","urlTemplate":"https:\/\/www.confluences.be\/?s={search_term_string}"},"query-input":{"@type":"PropertyValueSpecification","valueRequired":true,"valueName":"search_term_string"}}],"inLanguage":"nl-NL"},{"@type":"Organization","@id":"https:\/\/www.confluences.be\/#organization","name":"Confluences","url":"https:\/\/www.confluences.be\/","logo":{"@type":"ImageObject","inLanguage":"nl-NL","@id":"https:\/\/www.confluences.be\/#\/schema\/logo\/image\/","url":"","contentUrl":"","caption":"Confluences"},"image":{"@id":"https:\/\/www.confluences.be\/#\/schema\/logo\/image\/"}}]}},"_links":{"self":[{"href":"https:\/\/www.confluences.be\/nl\/wp-json\/wp\/v2\/pages\/8660","targetHints":{"allow":["GET"]}}],"collection":[{"href":"https:\/\/www.confluences.be\/nl\/wp-json\/wp\/v2\/pages"}],"about":[{"href":"https:\/\/www.confluences.be\/nl\/wp-json\/wp\/v2\/types\/page"}],"author":[{"embeddable":true,"href":"https:\/\/www.confluences.be\/nl\/wp-json\/wp\/v2\/users\/1"}],"replies":[{"embeddable":true,"href":"https:\/\/www.confluences.be\/nl\/wp-json\/wp\/v2\/comments?post=8660"}],"version-history":[{"count":2,"href":"https:\/\/www.confluences.be\/nl\/wp-json\/wp\/v2\/pages\/8660\/revisions"}],"predecessor-version":[{"id":8662,"href":"https:\/\/www.confluences.be\/nl\/wp-json\/wp\/v2\/pages\/8660\/revisions\/8662"}],"up":[{"embeddable":true,"href":"https:\/\/www.confluences.be\/nl\/wp-json\/wp\/v2\/pages\/8196"}],"wp:featuredmedia":[{"embeddable":true,"href":"https:\/\/www.confluences.be\/nl\/wp-json\/wp\/v2\/media\/7214"}],"wp:attachment":[{"href":"https:\/\/www.confluences.be\/nl\/wp-json\/wp\/v2\/media?parent=8660"}],"curies":[{"name":"wp","href":"https:\/\/api.w.org\/{rel}","templated":true}]}}